{"id":302,"date":"2017-07-19T12:00:33","date_gmt":"2017-07-19T10:00:33","guid":{"rendered":"http:\/\/devoirsvt.free.fr\/?page_id=302"},"modified":"2022-08-26T23:14:59","modified_gmt":"2022-08-26T21:14:59","slug":"la-terre-dans-le-systeme-solaire-2","status":"publish","type":"page","link":"https:\/\/devoirsvt.fabien-nguyen.fr\/?page_id=302","title":{"rendered":"Une atmosph\u00e8re active"},"content":{"rendered":"<h3>La Terre dans l&rsquo;Univers<\/h3>\n<ul>\n<li><a href=\"https:\/\/docs.google.com\/document\/d\/1KtiqOkbPK8NGQPKIRh9_j3wyqU78L2eownu4Qy25hDg\/edit?usp=sharing\" target=\"_blank\" rel=\"noopener\">Le cahier-\u00e9l\u00e8ve <img decoding=\"async\" title=\"Le cahier-\u00e9l\u00e8ve\" src=\"wp-content\/uploads\/2017\/06\/matt-icons_accessories-pdf-viewer-300px-300x287.png\" alt=\"Le cahier-\u00e9l\u00e8ve\" style=\"width:40px;\" \/><\/a><\/li>\n<li>Qu&rsquo;est-ce que l&rsquo;Univers ?<br \/><iframe loading=\"lazy\" src=\"\/\/www.reseau-canope.fr\/lesfondamentaux\/embed\/lunivers.html\" width=\"640\" height=\"360\" frameborder=\"0\"><\/iframe><\/li>\n<li>Les types d&rsquo;astres<br \/><iframe loading=\"lazy\" src=\"\/\/www.reseau-canope.fr\/lesfondamentaux\/embed\/les-types-dastres.html\" width=\"640\" height=\"360\" frameborder=\"0\"><\/iframe><\/li>\n<li>De quoi est constitu\u00e9 le syst\u00e8me solaire ?<br \/><iframe loading=\"lazy\" src=\"\/\/www.reseau-canope.fr\/lesfondamentaux\/embed\/le-systeme-solaire.html\" width=\"640\" height=\"360\" frameborder=\"0\"><\/iframe><\/li>\n<li><a href=\"wp-content\/uploads\/2017\/07\/Solar_system_scale_v.jpg\" target=\"_blank\" rel=\"noopener\">Le Syst\u00e8me solaire<br \/><div id=\"attachment_243\" style=\"width: 115px\" class=\"wp-caption alignnone\"><img loading=\"lazy\" decoding=\"async\" aria-describedby=\"caption-attachment-243\" src=\"wp-content\/uploads\/2017\/07\/Solar_system_scale_v-105x300.jpg\" alt=\"Syst\u00e8me solaire\" width=\"105\" height=\"300\" class=\"size-medium wp-image-243\" srcset=\"https:\/\/devoirsvt.fabien-nguyen.fr\/wp-content\/uploads\/2017\/07\/Solar_system_scale_v-105x300.jpg 105w, https:\/\/devoirsvt.fabien-nguyen.fr\/wp-content\/uploads\/2017\/07\/Solar_system_scale_v-358x1024.jpg 358w, https:\/\/devoirsvt.fabien-nguyen.fr\/wp-content\/uploads\/2017\/07\/Solar_system_scale_v.jpg 490w\" sizes=\"auto, (max-width: 105px) 100vw, 105px\" \/><p id=\"caption-attachment-243\" class=\"wp-caption-text\">\u00a9 NASA &#8211; Domaine public<\/p><\/div><\/a><\/li>\n<li>La Terre, une plan\u00e8te comme les autres ?<br \/><iframe loading=\"lazy\" src=\"\/\/www.reseau-canope.fr\/lesfondamentaux\/embed\/terre-la-planete-bleue.html\" width=\"640\" height=\"360\" frameborder=\"0\"><\/iframe><\/li>\n<li>Le sens de rotation de la Terre<br \/><iframe loading=\"lazy\" src=\"\/\/www.reseau-canope.fr\/lesfondamentaux\/embed\/le-sens-de-rotation-de-la-terre.html\" width=\"640\" height=\"360\" frameborder=\"0\"><\/iframe><\/a><\/li>\n<li>Les changements de saison<br \/><iframe loading=\"lazy\" src=\"\/\/www.reseau-canope.fr\/lesfondamentaux\/embed\/les-changements-de-saisons.html\" width=\"640\" height=\"360\" frameborder=\"0\"><\/iframe><\/li>\n<\/ul>\n<h3>Les ph\u00e9nom\u00e8nes m\u00e9t\u00e9orologiques<\/h3>\n<ul>\n<li>\u00c0 la d\u00e9couverte de la pression atmosph\u00e9rique<br \/><iframe loading=\"lazy\" width=\"560\" height=\"315\" src=\"https:\/\/www.youtube.com\/embed\/AninNiHwXiE\" frameborder=\"0\" allowfullscreen><\/iframe><\/li>\n<li>Les anticylones et les d\u00e9pressions atmosph\u00e9riques<br \/><iframe loading=\"lazy\" width=\"560\" height=\"315\" src=\"https:\/\/www.youtube.com\/embed\/ldlhPV5uOjk?start=112&amp;end=236\" frameborder=\"0\" allowfullscreen><\/iframe><\/li>\n<li>Les courbes isobares<br \/><iframe loading=\"lazy\" width=\"560\" height=\"315\" src=\"https:\/\/www.youtube.com\/embed\/ldlhPV5uOjk?start=236&amp;end=384\" frameborder=\"0\" allowfullscreen><\/iframe><\/li>\n<li>Les vents<br \/><iframe loading=\"lazy\" width=\"560\" height=\"315\" src=\"https:\/\/www.youtube.com\/embed\/ldlhPV5uOjk?start=348&amp;end=426\" frameborder=\"0\" allowfullscreen><\/iframe><\/li>\n<li>La force de Coriolis<br \/><iframe loading=\"lazy\" width=\"560\" height=\"315\" src=\"https:\/\/www.youtube.com\/embed\/ldlhPV5uOjk?start=477&amp;end=426\" frameborder=\"0\" allowfullscreen><\/iframe><\/li>\n<li><a href=\"https:\/\/earth.nullschool.net\/fr\/#current\/wind\/surface\/level\/orthographic=-355.14,44.10,2592\/loc=5.861,43.120\" target=\"_blank\" rel=\"noopener\">Les vents en France <img decoding=\"async\" src=\"wp-content\/uploads\/2018\/02\/Les-vents-en-France-150x150.jpg\" alt=\"Les vents en France\" title=\"Les vents en France\" width=\"150\" \/><\/a><\/li>\n<\/ul>\n<h3>Les climats du monde<\/h3>\n<ul>\n<li><a href=\"https:\/\/fr.wikipedia.org\/wiki\/Climat#\/media\/File:Map_world_climate_zones_(simplified_to_10)-fr.svg\" target=\"_blank\" rel=\"noopener\">Carte des diff\u00e9rents climats du monde <img loading=\"lazy\" decoding=\"async\" src=\"wp-content\/uploads\/2017\/07\/Map_world_climate_zones_simplified_to_10-fr.svg_-300x198.png\" alt=\"Carte des climats du monde\" width=\"300\" height=\"198\" \/><\/a><\/li>\n<li><a href=\"wp-content\/uploads\/2017\/07\/04.-Consigne-pour-la-r\u00e9alisation-des-capsules-vid\u00e9o-sur-les-climats.pdf\" target=\"_blank\" rel=\"noopener\">Consigne pour la r\u00e9alisation des capsules vid\u00e9o sur les climats <img decoding=\"async\" title=\"Consigne pour la r\u00e9alisation des capsules vid\u00e9o sur les climats\" src=\"wp-content\/uploads\/2017\/06\/matt-icons_accessories-pdf-viewer-300px-300x287.png\" alt=\"Consigne pour la r\u00e9alisation des capsules vid\u00e9o sur les climats\" style=\"width:40px;\" \/><\/a><\/li>\n<li><a href=\"?page_id=323\">Produire un diaporama avec LibreOffice Impress<\/a><\/li>\n<li><a href=\"?page_id=328\">Enregistrer son \u00e9cran et sa voix avec Screencast-o-Matic<\/a><\/li>\n<\/ul>\n<h3>Production de capsules vid\u00e9o<\/h3>\n<ul>\n<li><a href=\"wp-content\/uploads\/2017\/07\/09.-Consigne-pour-la-r\u00e9alisation-des-capsules-vid\u00e9o-sur-les-s\u00e9ismes.pdf\" target=\"_blank\" rel=\"noopener\">Consigne pour la r\u00e9alisation des capsules vid\u00e9o sur les mouvements atmosph\u00e9riques <img decoding=\"async\" title=\"Consigne pour la r\u00e9alisation des capsules vid\u00e9o sur sur les mouvements atmosph\u00e9riques\" src=\"wp-content\/uploads\/2017\/06\/matt-icons_accessories-pdf-viewer-300px-300x287.png\" alt=\"Consigne pour la r\u00e9alisation des capsules vid\u00e9o sur sur les mouvements atmosph\u00e9riques\" style=\"width:40px;\" \/><\/a><\/li>\n<li><a href=\"wp-content\/uploads\/2017\/07\/Diaporama-type.odp\">Diaporama-type <img decoding=\"async\" title=\"Document LibreOffice Impress\" src=\"wp-content\/uploads\/2017\/07\/Impress-icon.png\" alt=\"Document LibreOffice Impress\" style=\"width:40px;\" \/><\/a>\n<li><a href=\"?page_id=323\">Produire un diaporama avec LibreOffice Impress<\/a><\/li>\n<li><a href=\"?page_id=328\">Enregistrer son \u00e9cran et sa voix avec Screencast-o-Matic<\/a><\/li>\n<\/ul>\n","protected":false},"excerpt":{"rendered":"<p>La Terre dans l&rsquo;Univers Le cahier-\u00e9l\u00e8ve Qu&rsquo;est-ce que l&rsquo;Univers ? Les types d&rsquo;astres De quoi est constitu\u00e9 le syst\u00e8me solaire ? Le Syst\u00e8me solaire La Terre, une plan\u00e8te comme les autres ? Le sens de rotation de la Terre Les changements de saison Les ph\u00e9nom\u00e8nes m\u00e9t\u00e9orologiques \u00c0 la d\u00e9couverte de la pression atmosph\u00e9rique Les anticylones [&hellip;]<\/p>\n","protected":false},"author":1,"featured_media":0,"parent":0,"menu_order":0,"comment_status":"closed","ping_status":"closed","template":"","meta":{"_mo_disable_npp":"","footnotes":""},"class_list":["post-302","page","type-page","status-publish","hentry"],"_links":{"self":[{"href":"https:\/\/devoirsvt.fabien-nguyen.fr\/index.php?rest_route=\/wp\/v2\/pages\/302","targetHints":{"allow":["GET"]}}],"collection":[{"href":"https:\/\/devoirsvt.fabien-nguyen.fr\/index.php?rest_route=\/wp\/v2\/pages"}],"about":[{"href":"https:\/\/devoirsvt.fabien-nguyen.fr\/index.php?rest_route=\/wp\/v2\/types\/page"}],"author":[{"embeddable":true,"href":"https:\/\/devoirsvt.fabien-nguyen.fr\/index.php?rest_route=\/wp\/v2\/users\/1"}],"replies":[{"embeddable":true,"href":"https:\/\/devoirsvt.fabien-nguyen.fr\/index.php?rest_route=%2Fwp%2Fv2%2Fcomments&post=302"}],"version-history":[{"count":27,"href":"https:\/\/devoirsvt.fabien-nguyen.fr\/index.php?rest_route=\/wp\/v2\/pages\/302\/revisions"}],"predecessor-version":[{"id":2291,"href":"https:\/\/devoirsvt.fabien-nguyen.fr\/index.php?rest_route=\/wp\/v2\/pages\/302\/revisions\/2291"}],"wp:attachment":[{"href":"https:\/\/devoirsvt.fabien-nguyen.fr\/index.php?rest_route=%2Fwp%2Fv2%2Fmedia&parent=302"}],"curies":[{"name":"wp","href":"https:\/\/api.w.org\/{rel}","templated":true}]}}