{"id":592,"date":"2017-08-14T11:38:20","date_gmt":"2017-08-14T09:38:20","guid":{"rendered":"http:\/\/devoirsvt.free.fr\/?page_id=592"},"modified":"2022-08-26T23:07:37","modified_gmt":"2022-08-26T21:07:37","slug":"la-protection-des-abeilles-un-enjeu-planetaire","status":"publish","type":"page","link":"https:\/\/devoirsvt.fabien-nguyen.fr\/?page_id=592","title":{"rendered":"La protection des abeilles : un enjeu plan\u00e9taire"},"content":{"rendered":"<ul>\n<li><a href=\"https:\/\/docs.google.com\/document\/d\/12MqG3FB0nUvoMklG9iVgGRJna_PfCNH8g2Y00FPP8Zg\/edit?usp=sharing\" target=\"_blank\" rel=\"noopener noreferrer\">Le cahier-\u00e9l\u00e8ve <img decoding=\"async\" title=\"Le cahier-\u00e9l\u00e8ve\" src=\"wp-content\/uploads\/2017\/06\/matt-icons_accessories-pdf-viewer-300px-300x287.png\" alt=\"Le cahier-\u00e9l\u00e8ve\" style=\"width:40px;\" \/><\/a><\/li>\n<\/ul>\n<h3>Les abeilles et la pollinisation des fleurs<\/h3>\n<ul>\n<li>Les abeilles et leur r\u00f4le dans la pollinisation<br \/><iframe loading=\"lazy\" width=\"560\" height=\"315\" src=\"https:\/\/www.youtube.com\/embed\/cIhyqCPZprA\" frameborder=\"0\" allowfullscreen><\/iframe><\/li>\n<li>La fabrication du miel par les abeilles<br \/><iframe loading=\"lazy\" width=\"560\" height=\"315\" src=\"https:\/\/www.youtube.com\/embed\/-bQjkG0KHq4\" frameborder=\"0\" allowfullscreen><\/iframe><\/li>\n<li><a href=\"http:\/\/biologie.ens-lyon.fr\/ressources\/Biodiversite\/Documents\/image-de-la-semaine\/images-de-2012\/semaine-19-07-05-2012\" target=\"_blank\" rel=\"noopener noreferrer\">La pollinisation <img decoding=\"async\" src=\"http:\/\/biologie.ens-lyon.fr\/ressources\/Biodiversite\/Documents\/image-de-la-semaine\/images-de-2012\/semaine-19-07-05-2012\/images\/Abeille_sur_chaton_male_de_Saule_Marsault.JPG\" alt=\"La collecte du pollen \u00a9 Jean-Pierre Moussus\" title=\"La collecte du pollen \u00a9 Jean-Pierre Moussus\" style=\"width:300px\" \/><\/a><\/li>\n<li><a href=\"https:\/\/www.bees.techno-science.ca\/francais\/les-abeilles\/la-pollinisation\/aliments-dependent-des-abeilles.php\" target=\"_blank\" rel=\"noopener noreferrer\">Quels aliments d\u00e9pendent du travail des abeilles? <img decoding=\"async\" src=\"https:\/\/www.bees.techno-science.ca\/bees-shared\/images\/1.0.jpg\" alt=\"Quels aliments d\u00e9pendent du travail des abeilles?\" title=\"Quels aliments d\u00e9pendent du travail des abeilles?\" style=\"width:300px\" \/><\/a><\/li>\n<\/ul>\n<h3>Les enjeux de la disparition des abeilles<\/h3>\n<ul>\n<li>Tutoriel pour cr\u00e9er une carte mentale avec FraMindMap<br \/><iframe loading=\"lazy\" width=\"560\" height=\"315\" src=\"https:\/\/www.youtube.com\/embed\/nuPRRhCAfyo\" frameborder=\"0\" allowfullscreen><\/iframe><\/li>\n<li><a href=\"https:\/\/framindmap.org\/mindmaps\" target=\"_blank\" rel=\"noopener noreferrer\"><strong>Cr\u00e9er une carte mentale avec FraMindMap<\/strong><\/a><\/li>\n<li>Le d\u00e9clin des abeilles expliqu\u00e9 en 3 minutes<br \/><iframe loading=\"lazy\" width=\"560\" height=\"315\" src=\"https:\/\/www.youtube.com\/embed\/453zpj3nDIU\" frameborder=\"0\" allow=\"accelerometer; autoplay; encrypted-media; gyroscope; picture-in-picture\" allowfullscreen><\/iframe><\/li>\n<li><a href=\"http:\/\/www.inra.fr\/Grand-public\/Ressources-et-milieux-naturels\/Tous-les-dossiers\/Abeilles-pollinisation-biodiversite-pesticides\/Abeilles-pollinisation-et-biodiversite\" target=\"_blank\" rel=\"noopener noreferrer\">\u00c0 quoi servent les abeilles <img decoding=\"async\" src=\"https:\/\/inra-dam-front-resources-cdn.brainsonic.com\/ressources\/afile\/226447-db669-picture_photo-abeille-domestique.jpg\" alt=\"Abeille domestique, genre Apis. \u00a9 Denis Bourgeois (Arthropologia)\" title=\"Abeille domestique, genre Apis. \u00a9 Denis Bourgeois (Arthropologia)\" style=\"width:300px\" \/><\/a><\/li>\n<li><a href=\"http:\/\/www.one-bee.fr\/index.php?option=com_content&#038;view=article&#038;id=63&#038;Itemid=165\" target=\"_blank\" rel=\"noopener noreferrer\">Disparition des abeilles et mortalit\u00e9 des abeilles <img decoding=\"async\" src=\"http:\/\/www.one-bee.fr\/images\/partenaire_img.jpg\" alt=\"Apiculteurs\" title=\"Apiculteurs\" style=\"width:300px\" \/><\/a><\/li>\n<li><a href=\"http:\/\/sciencepost.fr\/2016\/10\/abeilles-officiellement-reconnues-espece-voie-de-disparition\/\" target=\"_blank\" rel=\"noopener noreferrer\">Les abeilles officiellement reconnues comme esp\u00e8ce en voie de disparition <img decoding=\"async\" src=\"http:\/\/sciencepost.fr\/wp-content\/uploads\/2016\/10\/honey-bees-326334_960_720-758x505.jpg\" alt=\"Abeilles dans une ruche\" title=\"Abeilles dans une ruche\" style=\"width:300px\" \/><\/a><\/li>\n<li><a href=\"https:\/\/www.sciencesetavenir.fr\/sante\/la-disparition-des-abeilles-pourrait-causer-des-millions-de-morts_18453\" target=\"_blank\" rel=\"noopener noreferrer\">La disparition des abeilles pourrait causer des millions de morts <img decoding=\"async\" src=\"https:\/\/www.sciencesetavenir.fr\/assets\/img\/2015\/07\/16\/cover-r4x3w1000-57df645dd4e3a-la-disparition-des-abeilles-pourrait-causer-plus-d-un.jpg\" alt=\"\u00a9 Jean-Pierre Muller\/AFP\" title=\"\u00a9 Jean-Pierre Muller\/AFP\" style=\"width:300px\" \/><\/a><\/li>\n<\/ul>\n","protected":false},"excerpt":{"rendered":"<p>Le cahier-\u00e9l\u00e8ve Les abeilles et la pollinisation des fleurs Les abeilles et leur r\u00f4le dans la pollinisation La fabrication du miel par les abeilles La pollinisation Quels aliments d\u00e9pendent du travail des abeilles? Les enjeux de la disparition des abeilles Tutoriel pour cr\u00e9er une carte mentale avec FraMindMap Cr\u00e9er une carte mentale avec FraMindMap Le [&hellip;]<\/p>\n","protected":false},"author":1,"featured_media":0,"parent":0,"menu_order":0,"comment_status":"closed","ping_status":"closed","template":"","meta":{"_mo_disable_npp":"","footnotes":""},"class_list":["post-592","page","type-page","status-publish","hentry"],"_links":{"self":[{"href":"https:\/\/devoirsvt.fabien-nguyen.fr\/index.php?rest_route=\/wp\/v2\/pages\/592","targetHints":{"allow":["GET"]}}],"collection":[{"href":"https:\/\/devoirsvt.fabien-nguyen.fr\/index.php?rest_route=\/wp\/v2\/pages"}],"about":[{"href":"https:\/\/devoirsvt.fabien-nguyen.fr\/index.php?rest_route=\/wp\/v2\/types\/page"}],"author":[{"embeddable":true,"href":"https:\/\/devoirsvt.fabien-nguyen.fr\/index.php?rest_route=\/wp\/v2\/users\/1"}],"replies":[{"embeddable":true,"href":"https:\/\/devoirsvt.fabien-nguyen.fr\/index.php?rest_route=%2Fwp%2Fv2%2Fcomments&post=592"}],"version-history":[{"count":19,"href":"https:\/\/devoirsvt.fabien-nguyen.fr\/index.php?rest_route=\/wp\/v2\/pages\/592\/revisions"}],"predecessor-version":[{"id":2268,"href":"https:\/\/devoirsvt.fabien-nguyen.fr\/index.php?rest_route=\/wp\/v2\/pages\/592\/revisions\/2268"}],"wp:attachment":[{"href":"https:\/\/devoirsvt.fabien-nguyen.fr\/index.php?rest_route=%2Fwp%2Fv2%2Fmedia&parent=592"}],"curies":[{"name":"wp","href":"https:\/\/api.w.org\/{rel}","templated":true}]}}